{"id":4021,"date":"2024-05-02T16:21:56","date_gmt":"2024-05-02T14:21:56","guid":{"rendered":"https:\/\/soulconnect.earth\/?post_type=tribe_events&#038;p=4021"},"modified":"2026-01-25T12:20:11","modified_gmt":"2026-01-25T11:20:11","slug":"the-sol-gathering-2","status":"publish","type":"tribe_events","link":"https:\/\/soulconnect.earth\/de\/event\/the-sol-gathering-2\/","title":{"rendered":"The Sol Gathering"},"content":{"rendered":"<div  class=\"tribe-events-schedule tribe-clearfix\" >\n\t<p class=\"tribe-events-schedule__datetime\">\n\t\t<span class=\"tribe-events-schedule__date tribe-events-schedule__date--start\">\n\t\t\tJuli 17, 2024\t\t<\/span>\n\n\t\t\n\t\t\t\t\t\t\t\t\t<span class=\"tribe-events-schedule__separator tribe-events-schedule__separator--time\">\n\t\t\t\t\t &#8211; \t\t\t\t<\/span>\n\t\t\t\n\t\t\t\t\t\t\t<span class=\"tribe-events-schedule__date tribe-events-schedule__date--end\">\n\t\t\t\t\tJuli 21, 2024\t\t\t\t<\/span>\n\n\t\t\t\t\n\t\t\t\n\t\t\t\t\t\t<\/p>\n<\/div>\n\n\n\n<div class=\"wp-block-stackable-image stk-block-image stk-block stk-548340e\" data-block-id=\"548340e\"><style>.stk-548340e .stk-img-wrapper{width:100% !important;height:721px !important}.stk-548340e .stk-img-wrapper img{object-fit:scale-down !important}<\/style><figure><span class=\"stk-img-wrapper stk-image--shape-stretch\"><img loading=\"lazy\" decoding=\"async\" class=\"stk-img wp-image-4023\" src=\"https:\/\/soulconnect.earth\/wp-content\/uploads\/2024\/05\/Screenshot-2024-04-29-at-07-46-01-Gathering-2024-\u2014-Institut-The-SOL.png\" width=\"486\" height=\"688\" alt=\"\" title=\"\" srcset=\"https:\/\/soulconnect.earth\/wp-content\/uploads\/2024\/05\/Screenshot-2024-04-29-at-07-46-01-Gathering-2024-\u2014-Institut-The-SOL.png 486w, https:\/\/soulconnect.earth\/wp-content\/uploads\/2024\/05\/Screenshot-2024-04-29-at-07-46-01-Gathering-2024-\u2014-Institut-The-SOL-212x300.png 212w, https:\/\/soulconnect.earth\/wp-content\/uploads\/2024\/05\/Screenshot-2024-04-29-at-07-46-01-Gathering-2024-\u2014-Institut-The-SOL-8x12.png 8w, https:\/\/soulconnect.earth\/wp-content\/uploads\/2024\/05\/Screenshot-2024-04-29-at-07-46-01-Gathering-2024-\u2014-Institut-The-SOL-444x629.png 444w\" sizes=\"auto, (max-width: 486px) 100vw, 486px\" \/><\/span><\/figure><\/div>\n\n\n\n<p class=\"has-text-color has-link-color\">Dieses einzigartige Gathering, ist ein Musik-, Kunst- und Kulturfestival im Herzen von \u00d6sterreich mit Fokus auf Kunst, Bildung, Sound Healing und Community. Dieses Gathering, schafft Raum f\u00fcr Transformation, sowie Verbindung und zeigt M\u00f6glichkeiten auf, um in den Einklang mit Dir selbst und allem was Dich umgibt zu kommen.<\/p>\n\n\n\n<p class=\"has-text-color has-link-color\">Unser familienfreundliches Gathering, bietet eine erstaunliche Mischung aus Live Musik, Performance, vision\u00e4rer Projekte, Workshops und Vortr\u00e4gen, Raum f\u00fcr Familien und Kinder, einem fantastischen Essens- und Marktbereich, sowie einer positiven Community-Atmosph\u00e4re. Auch Newcomern wird eine B\u00fchne geboten, um beim \u201cShow your talent day\u201d ihr Potenzial zu entfalten und mit der Welt zu teilen.<\/p>\n\n\n\n<p class=\"has-text-color has-link-color\">Gen\u00e4hrt von der Kulisse der wundersch\u00f6nen \u00f6sterreichischen Natur, treffen wir uns einmal im Jahr, um das Leben mit Musik, Kunst und anderen kreativen Formen zu feiern, zu verbinden und zu inspirieren.<\/p>\n\n\n\n<p class=\"has-text-color has-link-color\"><strong>There\u2019s a place between HEAVEN and EARTH,\nlet\u2019s meet there \ud83e\udd0d<\/strong><\/p>\n\n\n<div  class=\"tribe-block tribe-block__event-price\" >\n\t\t<\/div>\n\n\n\n\n<div  class=\"tribe-block tribe-block__venue tribe-clearfix tribe-block__venue--has-map\" >\n\t\n\t\n<div class=\"tribe-block__venue__meta\">\n\t<div class=\"tribe-block__venue__name\">\n\t\t<h3>Kulturverein B\u00f6llerbauer<\/h3>\n\t<\/div>\n\n\t\n\t\t\t\t\t\t<address class=\"tribe-block__venue__address\">\n\t\t\t\t<span class=\"tribe-address\">\n\n<span class=\"tribe-street-address\">Salaberg 32<\/span>\n\t\n\t\t<br>\n\t\t<span class=\"tribe-locality\">Haag<\/span><span class=\"tribe-delimiter\">,<\/span>\n\n\n\t<span class=\"tribe-postal-code\">3350<\/span>\n\n\t<span class=\"tribe-country-name\">\u00d6sterreich<\/span>\n\n<\/span>\n\n\t\t\t\t\t\t\t\t\t<a class=\"tribe-events-gmap\" href=\"https:\/\/maps.google.com\/maps?f=q&#038;source=s_q&#038;hl=en&#038;geocode=&#038;q=Salaberg+32+Haag+3350+Austria\" title=\"Klicken, um Google Karte anzuzeigen\" target=\"_blank\" rel=\"noreferrer noopener nofollow\">Google Karte anzeigen<\/a>\t\t\t\t\t\t\t<\/address>\n\t\t\n\t\t\n\t\t\t\n\t<\/div>\n\t\n<div class=\"tribe-block__venue__map\">\n\t\n<iframe loading=\"lazy\"\n  title=\"Iframe von Google Maps, der die Adresse von Kulturverein B\u00f6llerbauer anzeigt\"\n  aria-label=\"Karte des Veranstaltungsortes\"\n  width=\"310px\"\n  height=\"256px\"\n  frameborder=\"0\" style=\"border:0\"\n  src=\"https:\/\/www.google.com\/maps\/embed\/v1\/place?key=AIzaSyDNsicAsP6-VuGtAb1O9riI3oc_NOb7IOU&#038;q=Salaberg+32+Haag+3350+Austria+&#038;zoom=10\" allowfullscreen>\n<\/iframe>\n<\/div>\n\n\t<\/div>\n\n\n\n\n\t<div  class=\"tribe-block tribe-block__events-link\" >\n\t\t<div class=\"tribe-events tribe-common\">\n\t\t\t<div class=\"tribe-events-c-subscribe-dropdown__container\">\n\t\t\t\t<div class=\"tribe-events-c-subscribe-dropdown\">\n\t\t\t\t\t<div class=\"tribe-common-c-btn-border tribe-events-c-subscribe-dropdown__button\">\n\t\t\t\t\t\t<svg\n\t class=\"tribe-common-c-svgicon tribe-common-c-svgicon--cal-export tribe-events-c-subscribe-dropdown__export-icon\" \taria-hidden=\"true\"\n\tviewbox=\"0 0 23 17\"\n\txmlns=\"http:\/\/www.w3.org\/2000\/svg\"\n>\n\t<path fill-rule=\"evenodd\" clip-rule=\"evenodd\" d=\"M.128.896V16.13c0 .211.145.383.323.383h15.354c.179 0 .323-.172.323-.383V.896c0-.212-.144-.383-.323-.383H.451C.273.513.128.684.128.896Zm16 6.742h-.901V4.679H1.009v10.729h14.218v-3.336h.901V7.638ZM1.01 1.614h14.218v2.058H1.009V1.614Z\" \/>\n\t<path d=\"M20.5 9.846H8.312M18.524 6.953l2.89 2.909-2.855 2.855\" stroke-width=\"1.2\" stroke-linecap=\"round\" stroke-linejoin=\"round\"\/>\n<\/svg>\n\t\t\t\t\t\t<button\n\t\t\t\t\t\t\tclass=\"tribe-events-c-subscribe-dropdown__button-text\"\n\t\t\t\t\t\t\taria-expanded=\"false\"\n\t\t\t\t\t\t\taria-controls=\"tribe-events-subscribe-dropdown-content\"\n\t\t\t\t\t\t\taria-label=\"Zeige Links an um Veranstaltungen zu deinem Kalender hinzuzuf\u00fcgen\"\n\t\t\t\t\t\t>\n\t\t\t\t\t\t\tZum Kalender hinzuf\u00fcgen\t\t\t\t\t\t<\/button>\n\t\t\t\t\t\t<svg\n\t class=\"tribe-common-c-svgicon tribe-common-c-svgicon--caret-down tribe-events-c-subscribe-dropdown__button-icon\" \taria-hidden=\"true\"\n\tviewbox=\"0 0 10 7\"\n\txmlns=\"http:\/\/www.w3.org\/2000\/svg\"\n>\n\t<path fill-rule=\"evenodd\" clip-rule=\"evenodd\" d=\"M1.008.609L5 4.6 8.992.61l.958.958L5 6.517.05 1.566l.958-.958z\" class=\"tribe-common-c-svgicon__svg-fill\"\/>\n<\/svg>\n\t\t\t\t\t<\/div>\n\t\t\t\t\t<div id=\"tribe-events-subscribe-dropdown-content\" class=\"tribe-events-c-subscribe-dropdown__content\">\n\t\t\t\t\t\t<ul class=\"tribe-events-c-subscribe-dropdown__list\">\n\t\t\t\t\t\t\t\t\t\t\t\t\t\t\t<li class=\"tribe-events-c-subscribe-dropdown__list-item tribe-events-c-subscribe-dropdown__list-item--gcal\">\n\t\t\t\t\t\t\t\t\t<a href=\"https:\/\/www.google.com\/calendar\/event?action=TEMPLATE&#038;dates=20240717T000000\/20240721T235959&#038;text=The%20Sol%20Gathering&#038;details=%3Cdiv+class%3D%22wp-block-stackable-image+stk-block-image+stk-block+stk-548340e%22+data-block-id%3D%22548340e%22%3E%3Cstyle%3E.stk-548340e+.stk-img-wrapper%7Bwidth%3A100%25+%21important%3Bheight%3A721px+%21important%7D.stk-548340e+.stk-img-wrapper+img%7Bobject-fit%3Ascale-down+%21important%7D%3C%2Fstyle%3E%3Cfigure%3E%3Cspan+class%3D%22stk-img-wrapper+stk-image--shape-stretch%22%3E%3Cimg+class%3D%22stk-img+wp-image-4023%22+src%3D%22https%3A%2F%2Fsoulconnect.earth%2Fwp-content%2Fuploads%2F2024%2F05%2FScreenshot-2024-04-29-at-07-46-01-Gathering-2024-%E2%80%94-Institut-The-SOL.png%22+width%3D%22486%22+height%3D%22688%22%2F%3E%3C%2Fspan%3E%3C%2Ffigure%3E%3C%2Fdiv%3E%3Cp+class%3D%22has-text-color+has-link-color%22%3EDieses+einzigartige+Gathering%2C+ist+ein+Musik-%2C+Kunst-+und+Kulturfestival+im+Herzen+von+%C3%96sterreich+mit+Fokus+auf+Kunst%2C+Bildung%2C+Sound+Healing+und+Community.+Dieses+Gathering%2C+schafft+Raum+f%C3%BCr+Transformation%2C+sowie+Verbindung+und+zeigt+M%C3%B6glichkeiten+auf%2C+um+in+den+Einklang+mit+Dir+selbst+und+allem+was+Dich+umgibt+zu+kommen.%3C%2Fp%3E+%3Cp+class%3D%22has-text-color+has-link-color%22%3EUnser+familienfreundliches+Gatheri%3C%2Fp%3E+%28Zeige+vollst%C3%A4ndige+event-Beschreibung+hier+an%3A+https%3A%2F%2Fsoulconnect.earth%2Fde%2Fevent%2Fthe-sol-gathering-2%2F%29&#038;location=Kulturverein%20B\u00f6llerbauer,%20Salaberg%2032,%20Haag,%203350,%20Austria&#038;trp=false&#038;ctz=Europe\/Vienna&#038;sprop=website:https:\/\/soulconnect.earth\/de\" class=\"tribe-events-c-subscribe-dropdown__list-item-link\" target=\"_blank\" rel=\"noopener noreferrer nofollow noindex\">\n\t\t\t\t\t\t\t\t\t\tGoogle Kalender\t\t\t\t\t\t\t\t\t<\/a>\n\t\t\t\t\t\t\t\t<\/li>\n\t\t\t\t\t\t\t\t\t\t\t\t\t\t\t<li class=\"tribe-events-c-subscribe-dropdown__list-item tribe-events-c-subscribe-dropdown__list-item--ical\">\n\t\t\t\t\t\t\t\t\t<a\n\t\t\t\t\t\t\t\t\t\thref=\"\"\n\t\t\t\t\t\t\t\t\t\tclass=\"tribe-events-c-subscribe-dropdown__list-item-link\"\n\t\t\t\t\t\t\t\t\t\ttarget=\"_blank\"\n\t\t\t\t\t\t\t\t\t\trel=\"noopener noreferrer nofollow noindex\"\n\t\t\t\t\t\t\t\t\t>\n\t\t\t\t\t\t\t\t\t\tiCalendar\t\t\t\t\t\t\t\t\t<\/a>\n\t\t\t\t\t\t\t\t<\/li>\n\t\t\t\t\t\t\t\t\t\t\t\t\t\t\t<li class=\"tribe-events-c-subscribe-dropdown__list-item tribe-events-c-subscribe-dropdown__list-item--outlook-365\">\n\t\t\t\t\t\t\t\t\t<a\n\t\t\t\t\t\t\t\t\t\thref=\"\"\n\t\t\t\t\t\t\t\t\t\tclass=\"tribe-events-c-subscribe-dropdown__list-item-link\"\n\t\t\t\t\t\t\t\t\t\ttarget=\"_blank\"\n\t\t\t\t\t\t\t\t\t\trel=\"noopener noreferrer nofollow noindex\"\n\t\t\t\t\t\t\t\t\t>\n\t\t\t\t\t\t\t\t\t\tOutlook 365\t\t\t\t\t\t\t\t\t<\/a>\n\t\t\t\t\t\t\t\t<\/li>\n\t\t\t\t\t\t\t\t\t\t\t\t\t\t\t<li class=\"tribe-events-c-subscribe-dropdown__list-item tribe-events-c-subscribe-dropdown__list-item--outlook-live\">\n\t\t\t\t\t\t\t\t\t<a\n\t\t\t\t\t\t\t\t\t\thref=\"\"\n\t\t\t\t\t\t\t\t\t\tclass=\"tribe-events-c-subscribe-dropdown__list-item-link\"\n\t\t\t\t\t\t\t\t\t\ttarget=\"_blank\"\n\t\t\t\t\t\t\t\t\t\trel=\"noopener noreferrer nofollow noindex\"\n\t\t\t\t\t\t\t\t\t>\n\t\t\t\t\t\t\t\t\t\tOutlook Live\t\t\t\t\t\t\t\t\t<\/a>\n\t\t\t\t\t\t\t\t<\/li>\n\t\t\t\t\t\t\t\t\t\t\t\t\t<\/ul>\n\t\t\t\t\t<\/div>\n\t\t\t\t<\/div>\n\t\t\t<\/div>\n\t\t<\/div>\n\t<\/div>","protected":false},"excerpt":{"rendered":"<p>Gen\u00e4hrt von der Kulisse der wundersch\u00f6nen \u00f6sterreichischen Natur, treffen wir uns einmal im Jahr, um das Leben mit Musik, Kunst und anderen kreativen Formen zu feiern, zu verbinden und zu inspirieren.<\/p>","protected":false},"author":142,"featured_media":4023,"comment_status":"open","ping_status":"closed","template":"","meta":{"pmpro_default_level":"","_EventAllDay":true,"_EventTimezone":"Europe\/Vienna","_EventStartDate":"2024-07-17 00:00:00","_EventEndDate":"2024-07-21 23:59:59","_EventStartDateUTC":"2024-07-16 22:00:00","_EventEndDateUTC":"2024-07-21 21:59:59","_EventShowMap":true,"_EventShowMapLink":true,"_EventURL":"","_EventCost":"","_EventCostDescription":"","_EventCurrencySymbol":"","_EventCurrencyCode":"","_EventCurrencyPosition":"","_EventDateTimeSeparator":"","_EventTimeRangeSeparator":"","_EventOrganizerID":[795],"_EventVenueID":[796],"_OrganizerEmail":"","_OrganizerPhone":"","_OrganizerWebsite":"","_VenueAddress":"","_VenueCity":"","_VenueCountry":"","_VenueProvince":"","_VenueState":"","_VenueZip":"","_VenuePhone":"","_VenueURL":"","_VenueStateProvince":"","_VenueLat":"","_VenueLng":"","_VenueShowMap":false,"_VenueShowMapLink":false,"_tribe_events_status":"","_tribe_events_status_reason":"","footnotes":""},"tags":[],"tribe_events_cat":[206,475,207],"class_list":["post-4021","tribe_events","type-tribe_events","status-publish","has-post-thumbnail","hentry","tribe_events_cat-healing-celebration","tribe_events_cat-retreat-gathering","tribe_events_cat-workshop-seminar","pmpro-has-access","cat_healing-celebration","cat_retreat-gathering","cat_workshop-seminar"],"_links":{"self":[{"href":"https:\/\/soulconnect.earth\/de\/wp-json\/wp\/v2\/tribe_events\/4021","targetHints":{"allow":["GET"]}}],"collection":[{"href":"https:\/\/soulconnect.earth\/de\/wp-json\/wp\/v2\/tribe_events"}],"about":[{"href":"https:\/\/soulconnect.earth\/de\/wp-json\/wp\/v2\/types\/tribe_events"}],"author":[{"embeddable":true,"href":"https:\/\/soulconnect.earth\/de\/wp-json\/wp\/v2\/users\/142"}],"replies":[{"embeddable":true,"href":"https:\/\/soulconnect.earth\/de\/wp-json\/wp\/v2\/comments?post=4021"}],"version-history":[{"count":0,"href":"https:\/\/soulconnect.earth\/de\/wp-json\/wp\/v2\/tribe_events\/4021\/revisions"}],"wp:featuredmedia":[{"embeddable":true,"href":"https:\/\/soulconnect.earth\/de\/wp-json\/wp\/v2\/media\/4023"}],"wp:attachment":[{"href":"https:\/\/soulconnect.earth\/de\/wp-json\/wp\/v2\/media?parent=4021"}],"wp:term":[{"taxonomy":"post_tag","embeddable":true,"href":"https:\/\/soulconnect.earth\/de\/wp-json\/wp\/v2\/tags?post=4021"},{"taxonomy":"tribe_events_cat","embeddable":true,"href":"https:\/\/soulconnect.earth\/de\/wp-json\/wp\/v2\/tribe_events_cat?post=4021"}],"curies":[{"name":"wp","href":"https:\/\/api.w.org\/{rel}","templated":true}]}}