{"id":7706,"date":"2026-01-29T13:11:52","date_gmt":"2026-01-29T12:11:52","guid":{"rendered":"https:\/\/soulconnect.earth\/?post_type=tribe_events&#038;p=7706"},"modified":"2026-01-30T13:58:16","modified_gmt":"2026-01-30T12:58:16","slug":"mantra-spirit-festival-2026","status":"publish","type":"tribe_events","link":"https:\/\/soulconnect.earth\/de\/event\/mantra-spirit-festival-2026\/","title":{"rendered":"Mantra Spirit Festival 2026"},"content":{"rendered":"<div  class=\"tribe-events-schedule tribe-clearfix\" >\n\t<p class=\"tribe-events-schedule__datetime\">\n\t\t<span class=\"tribe-events-schedule__date tribe-events-schedule__date--start\">\n\t\t\tJuni 4\t\t<\/span>\n\n\t\t\n\t\t\t\t\t\t\t\t\t<span class=\"tribe-events-schedule__separator tribe-events-schedule__separator--time\">\n\t\t\t\t\t &#8211; \t\t\t\t<\/span>\n\t\t\t\n\t\t\t\t\t\t\t<span class=\"tribe-events-schedule__date tribe-events-schedule__date--end\">\n\t\t\t\t\tJuni 7\t\t\t\t<\/span>\n\n\t\t\t\t\n\t\t\t\n\t\t\t\t\t\t<\/p>\n<\/div>\n\n\n<figure style=\";height:444px;\" class=\"wp-block-post-featured-image\"><img loading=\"lazy\" decoding=\"async\" width=\"905\" height=\"1280\" src=\"https:\/\/soulconnect.earth\/wp-content\/uploads\/2026\/01\/Spirit-Mantra-Festival-2026.jpg\" class=\"attachment-full size-full wp-post-image\" alt=\"\" style=\"width:100%;height:100%;object-fit:contain;\" srcset=\"https:\/\/soulconnect.earth\/wp-content\/uploads\/2026\/01\/Spirit-Mantra-Festival-2026.jpg 905w, https:\/\/soulconnect.earth\/wp-content\/uploads\/2026\/01\/Spirit-Mantra-Festival-2026-212x300.jpg 212w, https:\/\/soulconnect.earth\/wp-content\/uploads\/2026\/01\/Spirit-Mantra-Festival-2026-724x1024.jpg 724w, https:\/\/soulconnect.earth\/wp-content\/uploads\/2026\/01\/Spirit-Mantra-Festival-2026-768x1086.jpg 768w, https:\/\/soulconnect.earth\/wp-content\/uploads\/2026\/01\/Spirit-Mantra-Festival-2026-8x12.jpg 8w, https:\/\/soulconnect.earth\/wp-content\/uploads\/2026\/01\/Spirit-Mantra-Festival-2026-624x883.jpg 624w\" sizes=\"auto, (max-width: 905px) 100vw, 905px\" title=\"\"><\/figure>\n\n\n<p><strong>Das Mantra Spirit Festival ist ein einzigartiges Erlebnis, das Musik, Spiritualit\u00e4t und Gemeinschaft vereint. Erlebe vier Tage voller inspirierender Musik, Workshops und spiritueller Praktiken in einer wundersch\u00f6nen nat\u00fcrlichen Umgebung.<\/strong><\/p>\n\n\n\n<div class=\"wp-block-stackable-text stk-block-text stk-block stk-6cf4392\" data-block-id=\"6cf4392\"><p class=\"stk-block-text__text\">Der Verein Mantra Spirit versteht sich als Gro\u00dfer Kreis,<br>der alle kleineren Kreise miteinander verbindet \u2013<br>eine wachsende Gemeinschaft von Menschen,<br>die sich \u00fcber das Beten und Singen von heiligen Mantren im Herzen begegnen.<\/p><\/div>\n\n\n\n<div class=\"wp-block-stackable-text stk-block-text stk-block stk-4298d25\" data-block-id=\"4298d25\"><p class=\"stk-block-text__text\">Wir sind die Zusammenkunft aller spirituellen Singkreis-Tribes im deutschsprachigen Raum \u2013 und dar\u00fcber hinaus.<br>Im gro\u00dfen Kreis entsteht ein Raum f\u00fcr Gemeinschaft, Vernetzung und gegenseitige Inspiration.<br>Wir teilen heilige Lieder, \u00f6ffnen unsere Herzen, verbinden uns mit Mutter Erde,<br>und erinnern uns an die Kraft des Gebets und an die Liebe die wir sind und die uns verbindet.<br>Eine Einladung an alle, die sp\u00fcren, dass eine neue Zeit anbricht \u2013 das goldene Zeitalter des Miteinanders, der Heilung und des Erwachens.<\/p><\/div>\n\n\n\n<div class=\"wp-block-stackable-text stk-block-text stk-block stk-3e21916\" data-block-id=\"3e21916\"><style>.stk-3e21916 {margin-bottom:0px !important;}<\/style><p class=\"stk-block-text__text\"><strong>\u2728 Let\u2019s come together as a Tribe! \u2764\ufe0f<\/strong><\/p><\/div>\n\n\n\n<div class=\"wp-block-stackable-text stk-block-text stk-block stk-88d9b9b\" data-block-id=\"88d9b9b\"><p class=\"stk-block-text__text\"><strong>One Spirit \u2728 One Heart \u2728 One Tribe \u2728 One Love<\/strong><\/p><\/div>\n\n\n<div  class=\"tribe-block tribe-block__event-price\" >\n\t\t\t<span class=\"tribe-block__event-price__cost\"> \u20ac150 <\/span>\n\t\t\t\t<span class=\"tribe-block__event-price__description\">4-Tages-Ticket<\/span>\n\t<\/div>\n\n\n<div  class=\"tribe-block tribe-block__organizer__details tribe-clearfix\" >\n\t<div class=\"tribe-block__organizer__title\">\n\t\t<h3>Verein Mantra Spirit &#8211; Verein zur F\u00f6rderung spiritueller Praxis und Kultur<\/h3>\n\t<\/div>\n\t\t\t\t<p class=\"tribe-block__organizer__website\"><a href=\"https:\/\/www.highest-potential.jetzt\" target=\"_blank\" rel=\"noopener noreferrer nofollow\">Veranstalter-Website anzeigen<\/a><\/p>\n\t\t\t\t<p class=\"tribe-block__organizer__email\">&#102;e&#115;&#116;&#105;&#118;&#097;&#108;&#064;&#104;i&#103;&#104;&#101;st&#045;&#112;otent&#105;a&#108;.&#106;&#101;&#116;zt<\/p>\n\t<\/div>\n\n\n<div  class=\"tribe-block tribe-block__venue tribe-clearfix tribe-block__venue--has-map\" >\n\t\n\t\n<div class=\"tribe-block__venue__meta\">\n\t<div class=\"tribe-block__venue__name\">\n\t\t<h3>Seeb\u00fchne Fernitz<\/h3>\n\t<\/div>\n\n\t\n\t\t\t\t\t\t<address class=\"tribe-block__venue__address\">\n\t\t\t\t<span class=\"tribe-address\">\n\n<span class=\"tribe-street-address\">Murbergstra\u00dfe 194<\/span>\n\t\n\t\t<br>\n\t\t<span class=\"tribe-locality\">Enzelsdorf<\/span><span class=\"tribe-delimiter\">,<\/span>\n\n\t<abbr class=\"tribe-region tribe-events-abbr\" title=\"Steiermark\">Steiermark<\/abbr>\n\n\t<span class=\"tribe-postal-code\">8072<\/span>\n\n\t<span class=\"tribe-country-name\">\u00d6sterreich<\/span>\n\n<\/span>\n\n\t\t\t\t\t\t\t\t\t<a class=\"tribe-events-gmap\" href=\"https:\/\/maps.google.com\/maps?f=q&#038;source=s_q&#038;hl=en&#038;geocode=&#038;q=Murbergstra%C3%9Fe+194+Enzelsdorf+Steiermark+8072+Austria\" title=\"Klicken, um Google Karte anzuzeigen\" target=\"_blank\" rel=\"noreferrer noopener nofollow\">Google Karte anzeigen<\/a>\t\t\t\t\t\t\t<\/address>\n\t\t\n\t\t\n\t\t\t\n\t<\/div>\n\t\n<div class=\"tribe-block__venue__map\">\n\t\n<iframe loading=\"lazy\"\n  title=\"Iframe von Google Maps, der die Adresse von Seeb\u00fchne Fernitz anzeigt\"\n  aria-label=\"Karte des Veranstaltungsortes\"\n  width=\"310px\"\n  height=\"256px\"\n  frameborder=\"0\" style=\"border:0\"\n  src=\"https:\/\/www.google.com\/maps\/embed\/v1\/place?key=AIzaSyDNsicAsP6-VuGtAb1O9riI3oc_NOb7IOU&#038;q=Murbergstra%C3%9Fe+194+Enzelsdorf+Steiermark+8072+Austria+&#038;zoom=10\" allowfullscreen>\n<\/iframe>\n<\/div>\n\n\t<\/div>\n\n\n<div  class=\"tribe-block tribe-block__event-website\" >\n\t<a href=\"https:\/\/mantra-spirit-festival.at\" target=\"_self\" rel=\"nofollow noopener\">\n\t\tZur Festival-Webiste\t<\/a>\n<\/div>\n\n\n\t<div  class=\"tribe-block tribe-block__events-link\" >\n\t\t<div class=\"tribe-events tribe-common\">\n\t\t\t<div class=\"tribe-events-c-subscribe-dropdown__container\">\n\t\t\t\t<div class=\"tribe-events-c-subscribe-dropdown\">\n\t\t\t\t\t<div class=\"tribe-common-c-btn-border tribe-events-c-subscribe-dropdown__button\">\n\t\t\t\t\t\t<svg\n\t class=\"tribe-common-c-svgicon tribe-common-c-svgicon--cal-export tribe-events-c-subscribe-dropdown__export-icon\" \taria-hidden=\"true\"\n\tviewbox=\"0 0 23 17\"\n\txmlns=\"http:\/\/www.w3.org\/2000\/svg\"\n>\n\t<path fill-rule=\"evenodd\" clip-rule=\"evenodd\" d=\"M.128.896V16.13c0 .211.145.383.323.383h15.354c.179 0 .323-.172.323-.383V.896c0-.212-.144-.383-.323-.383H.451C.273.513.128.684.128.896Zm16 6.742h-.901V4.679H1.009v10.729h14.218v-3.336h.901V7.638ZM1.01 1.614h14.218v2.058H1.009V1.614Z\" \/>\n\t<path d=\"M20.5 9.846H8.312M18.524 6.953l2.89 2.909-2.855 2.855\" stroke-width=\"1.2\" stroke-linecap=\"round\" stroke-linejoin=\"round\"\/>\n<\/svg>\n\t\t\t\t\t\t<button\n\t\t\t\t\t\t\tclass=\"tribe-events-c-subscribe-dropdown__button-text\"\n\t\t\t\t\t\t\taria-expanded=\"false\"\n\t\t\t\t\t\t\taria-controls=\"tribe-events-subscribe-dropdown-content\"\n\t\t\t\t\t\t\taria-label=\"Zeige Links an um Veranstaltungen zu deinem Kalender hinzuzuf\u00fcgen\"\n\t\t\t\t\t\t>\n\t\t\t\t\t\t\tZum Kalender hinzuf\u00fcgen\t\t\t\t\t\t<\/button>\n\t\t\t\t\t\t<svg\n\t class=\"tribe-common-c-svgicon tribe-common-c-svgicon--caret-down tribe-events-c-subscribe-dropdown__button-icon\" \taria-hidden=\"true\"\n\tviewbox=\"0 0 10 7\"\n\txmlns=\"http:\/\/www.w3.org\/2000\/svg\"\n>\n\t<path fill-rule=\"evenodd\" clip-rule=\"evenodd\" d=\"M1.008.609L5 4.6 8.992.61l.958.958L5 6.517.05 1.566l.958-.958z\" class=\"tribe-common-c-svgicon__svg-fill\"\/>\n<\/svg>\n\t\t\t\t\t<\/div>\n\t\t\t\t\t<div id=\"tribe-events-subscribe-dropdown-content\" class=\"tribe-events-c-subscribe-dropdown__content\">\n\t\t\t\t\t\t<ul class=\"tribe-events-c-subscribe-dropdown__list\">\n\t\t\t\t\t\t\t\t\t\t\t\t\t\t\t<li class=\"tribe-events-c-subscribe-dropdown__list-item tribe-events-c-subscribe-dropdown__list-item--gcal\">\n\t\t\t\t\t\t\t\t\t<a href=\"https:\/\/www.google.com\/calendar\/event?action=TEMPLATE&#038;dates=20260604T000000\/20260607T235959&#038;text=Mantra%20Spirit%20Festival%202026&#038;details=%3Cp%3E%3Cstrong%3EDas+Mantra+Spirit+Festival+ist+ein+einzigartiges+Erlebnis%2C+das+Musik%2C+Spiritualit%C3%A4t+und+Gemeinschaft+vereint.+Erlebe+vier+Tage+voller+inspirierender+Musik%2C+Workshops+und+spiritueller+Praktiken+in+einer+wundersch%C3%B6nen+nat%C3%BCrlichen+Umgebung.%3C%2Fstrong%3E%3C%2Fp%3E+%3Cdiv+class%3D%22wp-block-stackable-text+stk-block-text+stk-block+stk-6cf4392%22+data-block-id%3D%226cf4392%22%3E%3Cp+class%3D%22stk-block-text__text%22%3EDer+Verein+Mantra+Spirit+versteht+sich+als+Gro%C3%9Fer+Kreis%2C%3Cbr+%2F%3Eder+alle+kleineren+Kreise+miteinander+verbindet+%E2%80%93%3Cbr+%2F%3Eeine+wachsende+Gemeinschaft+von+Menschen%2C%3Cbr+%2F%3Edie+sich+%C3%BCber+das+Beten+und+Singen+von+heiligen+Mantren+im+Herzen+begegnen.%3C%2Fp%3E+%3C%2Fdiv%3E%3Cdiv+class%3D%22wp-block-stackable-text+stk-block-text+stk-block+stk-4298d25%22+data-block-id%3D%224298d25%22%3E%3Cp+class%3D%22stk-block-text__text%22%3EWir+sind+die+Zusammenkunft+aller+spirituellen+Singkreis-Tribes+im+deutschsprachigen+Raum+%E2%80%93+und+dar%C3%BCber+hinaus.%3Cbr+%2F%3EIm+gro%C3%9Fen+Kreis+entsteht+ein+Raum+f%C3%BCr+Gemeinschaft%2C+Vernetzung+und+gegenseitige+Inspiration%3C%2Fp%3E%3C%2Fdiv%3E+%28Zeige+vollst%C3%A4ndige+event-Beschreibung+hier+an%3A+https%3A%2F%2Fsoulconnect.earth%2Fde%2Fevent%2Fmantra-spirit-festival-2026%2F%29&#038;location=Seeb\u00fchne%20Fernitz,%20Murbergstra\u00dfe%20194,%20Enzelsdorf,%20Steiermark,%208072,%20Austria&#038;trp=false&#038;ctz=Europe\/Vienna&#038;sprop=website:https:\/\/soulconnect.earth\/de\" class=\"tribe-events-c-subscribe-dropdown__list-item-link\" target=\"_blank\" rel=\"noopener noreferrer nofollow noindex\">\n\t\t\t\t\t\t\t\t\t\tGoogle Kalender\t\t\t\t\t\t\t\t\t<\/a>\n\t\t\t\t\t\t\t\t<\/li>\n\t\t\t\t\t\t\t\t\t\t\t\t\t\t\t<li class=\"tribe-events-c-subscribe-dropdown__list-item tribe-events-c-subscribe-dropdown__list-item--ical\">\n\t\t\t\t\t\t\t\t\t<a\n\t\t\t\t\t\t\t\t\t\thref=\"\"\n\t\t\t\t\t\t\t\t\t\tclass=\"tribe-events-c-subscribe-dropdown__list-item-link\"\n\t\t\t\t\t\t\t\t\t\ttarget=\"_blank\"\n\t\t\t\t\t\t\t\t\t\trel=\"noopener noreferrer nofollow noindex\"\n\t\t\t\t\t\t\t\t\t>\n\t\t\t\t\t\t\t\t\t\tiCalendar\t\t\t\t\t\t\t\t\t<\/a>\n\t\t\t\t\t\t\t\t<\/li>\n\t\t\t\t\t\t\t\t\t\t\t\t\t\t\t<li class=\"tribe-events-c-subscribe-dropdown__list-item tribe-events-c-subscribe-dropdown__list-item--outlook-365\">\n\t\t\t\t\t\t\t\t\t<a\n\t\t\t\t\t\t\t\t\t\thref=\"\"\n\t\t\t\t\t\t\t\t\t\tclass=\"tribe-events-c-subscribe-dropdown__list-item-link\"\n\t\t\t\t\t\t\t\t\t\ttarget=\"_blank\"\n\t\t\t\t\t\t\t\t\t\trel=\"noopener noreferrer nofollow noindex\"\n\t\t\t\t\t\t\t\t\t>\n\t\t\t\t\t\t\t\t\t\tOutlook 365\t\t\t\t\t\t\t\t\t<\/a>\n\t\t\t\t\t\t\t\t<\/li>\n\t\t\t\t\t\t\t\t\t\t\t\t\t\t\t<li class=\"tribe-events-c-subscribe-dropdown__list-item tribe-events-c-subscribe-dropdown__list-item--outlook-live\">\n\t\t\t\t\t\t\t\t\t<a\n\t\t\t\t\t\t\t\t\t\thref=\"\"\n\t\t\t\t\t\t\t\t\t\tclass=\"tribe-events-c-subscribe-dropdown__list-item-link\"\n\t\t\t\t\t\t\t\t\t\ttarget=\"_blank\"\n\t\t\t\t\t\t\t\t\t\trel=\"noopener noreferrer nofollow noindex\"\n\t\t\t\t\t\t\t\t\t>\n\t\t\t\t\t\t\t\t\t\tOutlook Live\t\t\t\t\t\t\t\t\t<\/a>\n\t\t\t\t\t\t\t\t<\/li>\n\t\t\t\t\t\t\t\t\t\t\t\t\t<\/ul>\n\t\t\t\t\t<\/div>\n\t\t\t\t<\/div>\n\t\t\t<\/div>\n\t\t<\/div>\n\t<\/div>","protected":false},"excerpt":{"rendered":"<p>Das Mantra Spirit Festival ist ein einzigartiges Erlebnis, das Musik, Spiritualit\u00e4t und Gemeinschaft vereint. Erlebe vier Tage voller inspirierender Musik, Workshops und spiritueller Praktiken in&hellip;<\/p>","protected":false},"author":1,"featured_media":7708,"comment_status":"open","ping_status":"closed","template":"","meta":{"pmpro_default_level":"","_EventAllDay":true,"_EventTimezone":"Europe\/Vienna","_EventStartDate":"2026-06-04 00:00:00","_EventEndDate":"2026-06-07 23:59:59","_EventStartDateUTC":"2026-06-03 22:00:00","_EventEndDateUTC":"2026-06-07 21:59:59","_EventShowMap":false,"_EventShowMapLink":false,"_EventURL":"https:\/\/mantra-spirit-festival.at","_EventCost":"150","_EventCostDescription":"","_EventCurrencySymbol":"\u20ac","_EventCurrencyCode":"EUR","_EventCurrencyPosition":"prefix","_EventDateTimeSeparator":" @ ","_EventTimeRangeSeparator":" - ","_EventOrganizerID":[7707],"_EventVenueID":[186],"_OrganizerEmail":"","_OrganizerPhone":"","_OrganizerWebsite":"","_VenueAddress":"","_VenueCity":"","_VenueCountry":"","_VenueProvince":"","_VenueState":"","_VenueZip":"","_VenuePhone":"","_VenueURL":"","_VenueStateProvince":"","_VenueLat":"","_VenueLng":"","_VenueShowMap":false,"_VenueShowMapLink":false,"_tribe_events_status":"","_tribe_events_status_reason":"","footnotes":""},"tags":[],"tribe_events_cat":[204,206,207],"class_list":["post-7706","tribe_events","type-tribe_events","status-publish","has-post-thumbnail","hentry","tribe_events_cat-festival","tribe_events_cat-healing-celebration","tribe_events_cat-workshop-seminar","pmpro-has-access","cat_festival","cat_healing-celebration","cat_workshop-seminar"],"_links":{"self":[{"href":"https:\/\/soulconnect.earth\/de\/wp-json\/wp\/v2\/tribe_events\/7706","targetHints":{"allow":["GET"]}}],"collection":[{"href":"https:\/\/soulconnect.earth\/de\/wp-json\/wp\/v2\/tribe_events"}],"about":[{"href":"https:\/\/soulconnect.earth\/de\/wp-json\/wp\/v2\/types\/tribe_events"}],"author":[{"embeddable":true,"href":"https:\/\/soulconnect.earth\/de\/wp-json\/wp\/v2\/users\/1"}],"replies":[{"embeddable":true,"href":"https:\/\/soulconnect.earth\/de\/wp-json\/wp\/v2\/comments?post=7706"}],"version-history":[{"count":0,"href":"https:\/\/soulconnect.earth\/de\/wp-json\/wp\/v2\/tribe_events\/7706\/revisions"}],"wp:featuredmedia":[{"embeddable":true,"href":"https:\/\/soulconnect.earth\/de\/wp-json\/wp\/v2\/media\/7708"}],"wp:attachment":[{"href":"https:\/\/soulconnect.earth\/de\/wp-json\/wp\/v2\/media?parent=7706"}],"wp:term":[{"taxonomy":"post_tag","embeddable":true,"href":"https:\/\/soulconnect.earth\/de\/wp-json\/wp\/v2\/tags?post=7706"},{"taxonomy":"tribe_events_cat","embeddable":true,"href":"https:\/\/soulconnect.earth\/de\/wp-json\/wp\/v2\/tribe_events_cat?post=7706"}],"curies":[{"name":"wp","href":"https:\/\/api.w.org\/{rel}","templated":true}]}}